{"id":410,"date":"2025-04-16T15:20:53","date_gmt":"2025-04-16T13:20:53","guid":{"rendered":"https:\/\/cbnge.fr\/?page_id=410"},"modified":"2026-04-03T14:38:05","modified_gmt":"2026-04-03T12:38:05","slug":"docteur-junior","status":"publish","type":"page","link":"https:\/\/cbnge.fr\/index.php\/docteur-junior\/","title":{"rendered":"Stage des Docteurs Juniors"},"content":{"rendered":"\n<p><\/p>\n\n\n\n<p class=\"has-text-align-center\"><strong>Quatri\u00e8me ann\u00e9<\/strong><strong>e de DES de m<\/strong><strong>\u00e9decine&nbsp;g\u00e9n\u00e9rale :<\/strong><\/p>\n\n\n\n<p class=\"has-text-align-center\"><strong>ann\u00e9e de docteur junior<\/strong><strong><\/strong><\/p>\n\n\n\n<p>Le DES de m\u00e9decine g\u00e9n\u00e9rale a pour objectif de former des professionnels de sant\u00e9 suffisamment comp\u00e9tents et autonomes pour r\u00e9pondre aux r\u00f4les et missions du m\u00e9decin de premier recours tels qu\u2019ils ont \u00e9t\u00e9 d\u00e9finis par la&nbsp;WONCA&nbsp;[1] et la loi&nbsp;HPST [2].<\/p>\n\n\n\n<p>La formation initiale permet au jeune professionnel de construire les 6 comp\u00e9tences transversales publi\u00e9es dans le r\u00e9f\u00e9rentiel de 2013 [3][4]. Ces comp\u00e9tences se d\u00e9veloppent en mobilisant ses ressources lors de l\u2019exposition aux familles de situations pr\u00e9valentes en m\u00e9decine g\u00e9n\u00e9rales d\u00e9crites dans le r\u00e9f\u00e9rentiel de 2013 qui constituent le c\u0153ur du m\u00e9tier [5].<\/p>\n\n\n\n<p>Aussi, le DES de m\u00e9decine g\u00e9n\u00e9rale comporte d\u00e9sormais trois phases : la phase socle d\u2019une dur\u00e9e de 2 semestres, la phase d\u2019approfondissement d\u2019une dur\u00e9e de 4 semestres et la phase de consolidation [6]. Cette derni\u00e8re phase correspond \u00e0 la quatri\u00e8me ann\u00e9e de DES de m\u00e9decine g\u00e9n\u00e9rale nouvellement cr\u00e9\u00e9e (Figure 1) [7].<\/p>\n\n\n\n<figure class=\"wp-block-image size-full\"><img loading=\"lazy\" decoding=\"async\" width=\"755\" height=\"425\" src=\"https:\/\/cbnge.fr\/wp-content\/uploads\/2025\/04\/image-1.jpg\" alt=\"\" class=\"wp-image-417\" srcset=\"https:\/\/cbnge.fr\/wp-content\/uploads\/2025\/04\/image-1.jpg 755w, https:\/\/cbnge.fr\/wp-content\/uploads\/2025\/04\/image-1-300x169.jpg 300w\" sizes=\"auto, (max-width: 755px) 100vw, 755px\" \/><\/figure>\n\n\n\n<p>Figure 1. Cursus du DES de m\u00e9decine g\u00e9n\u00e9rale (source CNGE, https:\/\/www.cnge.fr\/la-pedagogie\/le-cursus-de-medecine-generale\/des-de-medecine-generale\/)<\/p>\n\n\n\n<p>Une 4<sup>\u00e8me<\/sup> ann\u00e9e pour quoi faire&nbsp;?<\/p>\n\n\n\n<ul class=\"wp-block-list\">\n<li>Accompagner une meilleure autonomisation&nbsp;;<\/li>\n<\/ul>\n\n\n\n<p>\u2022 Renforcer la d\u00e9couverte de la pratique de la m\u00e9decine g\u00e9n\u00e9rale dans les territoires&nbsp;;<\/p>\n\n\n\n<p>\u2022 D\u00e9couvrir les diff\u00e9rentes organisations de soins&nbsp;;<\/p>\n\n\n\n<p>\u2022 Se former en pratique \u00e0 l\u2019installation (enseignements d\u00e9di\u00e9s)&nbsp;;<\/p>\n\n\n\n<p>\u2022 \u00catre professionnalisant.<\/p>\n\n\n\n<p>La 4e ann\u00e9e du DES de m\u00e9decine g\u00e9n\u00e9rale ambulatoire, en phase de consolidation, permettra aux futurs g\u00e9n\u00e9ralistes de r\u00e9aliser lors de leur formation initiale la moiti\u00e9 du cursus en stage de m\u00e9decine g\u00e9n\u00e9rale ambulatoire. En effet, elle se d\u00e9roulera sauf rares exceptions exclusivement en m\u00e9decine g\u00e9n\u00e9rale ambulatoire sur 2 semestres, de pr\u00e9f\u00e9rence dans un m\u00eame lieu de stage, en supervision indirecte avec le statut de \u00ab&nbsp;docteur junior&nbsp;\u00bb (DJ). Aussi, un DJ de m\u00e9decine g\u00e9n\u00e9rale sera un m\u00e9decin th\u00e9s\u00e9, autonome, responsable, mais sous supervision et avec un accompagnement p\u00e9dagogique sp\u00e9cifique. Les modalit\u00e9s pr\u00e9cises de cette phase sont toujours en concertation en 2024.<\/p>\n\n\n\n<p>A ce jour, pour pouvoir accueillir un DJ de m\u00e9decine g\u00e9n\u00e9rale, il faudra \u00eatre m\u00e9decin g\u00e9n\u00e9raliste \u2013 ma\u00eetre de stage des Universit\u00e9s (MSU), avoir suivi une formation courte, \u00eatre d\u00e9j\u00e0 MSU en ayant d\u00e9j\u00e0 une exp\u00e9rience, c\u2019est-\u00e0-dire avoir d\u00e9j\u00e0 accueilli des \u00e9tudiants en formation (interne en phase socle notamment). Le MSU devra mettre \u00e0 disposition du DJ un bureau \u00e9quip\u00e9 (secr\u00e9tariat compris) dans lequel il pourra exercer \u00e0 3 jours par semaine (25 actes par jour en moyenne maximum), la quatri\u00e8me journ\u00e9e devra permettre la d\u00e9couverte d\u2019autres modes d\u2019exercice associ\u00e9 (CPTS, PMI, etc.). La cinqui\u00e8me journ\u00e9e sera r\u00e9serv\u00e9e aux temps de formation universitaire.<\/p>\n\n\n\n<p>Les terrains de stage pourront \u00eatre partout, il n\u2019y a pas de coercition concernant les zones sous denses. La r\u00e9mun\u00e9ration des MSU et des DJ est encore en r\u00e9flexion au niveau national.<\/p>\n\n\n\n<p>Les 104 internes de m\u00e9decine g\u00e9n\u00e9rale qui ont d\u00e9but\u00e9 en novembre 2023 leur DES dans la subdivision de Caen (ex-Basse Normandie) seront les premiers \u00e0 connaitre cette phase d\u2019approfondissement qui d\u00e9butera en novembre 2026. L\u2019attribution des terrains de stage ne se fera pas par rang de classement comme les stages pr\u00e9c\u00e9dents. Un appariement aussi appel\u00e9 \u00ab&nbsp;big matching&nbsp;\u00bb sera r\u00e9alis\u00e9<strong>&nbsp;:<\/strong><\/p>\n\n\n\n<p>1) Chaque MSU va cr\u00e9er une \u00ab pr\u00e9sentation de son terrain de stage \u00bb&nbsp;;<\/p>\n\n\n\n<p>2) Le futur DJ va cr\u00e9er sa liste de v\u0153ux (10), par ordre d\u00e9croissant de priorit\u00e9&nbsp;;<\/p>\n\n\n\n<p>3) Le DJ produira une \u00ab lettre de motivation \u00bb pour se pr\u00e9senter aux terrains de stage de sa liste&nbsp;;<\/p>\n\n\n\n<p>4) Le MSU choisira son DJ parmi ceux qui ont candidat\u00e9s chez lui.<\/p>\n\n\n\n<p>Le D\u00e9partement universitaire de m\u00e9decine g\u00e9n\u00e9rale pr\u00e9pare activement cette quatri\u00e8me ann\u00e9e mais la participation de chacun sera d\u00e9terminante pour cette \u00e9tape importante de la formation de nos futurs confr\u00e8res.<\/p>\n\n\n\n<p>Pour toute question compl\u00e9mentaire, vous pouvez contacter par mail le D\u00e9partement universitaire de m\u00e9decine g\u00e9n\u00e9rale de l\u2019Universit\u00e9 Caen Normandie&nbsp;: <a href=\"mailto:sante.desmg4@unicaen.fr\">sante.desmg4@unicaen.fr<\/a><\/p>\n\n\n\n<p>R\u00e9f\u00e9rences<\/p>\n\n\n\n<ol class=\"wp-block-list\">\n<li><a href=\"https:\/\/www.woncaeurope.org\/file\/afaa93f5-dc46-4b0e-8546-71ebf368f41c\/WONCA%2520definition%2520French%2520version.pdf\">La d\u00e9finition europ\u00e9enne de la m\u00e9decine g\u00e9n\u00e9rale. WONCA Europe 2002. Barcelone, Espagne.<\/a><\/li>\n\n\n\n<li><a href=\"https:\/\/www.legifrance.gouv.fr\/jorf\/article_jo\/JORFARTI000020879483\">Loi n\u00b0 2009-879 du 21 juillet 2009 portant r\u00e9forme de l\u2019h\u00f4pital et relative aux patients, \u00e0 la sant\u00e9 et aux territoires.<\/a><\/li>\n\n\n\n<li>R\u00e9f\u00e9rentiel m\u00e9tier et comp\u00e9tences des m\u00e9decins g\u00e9n\u00e9ralistes. Mission Evaluation des comp\u00e9tences professionnelles des m\u00e9tiers de la sant\u00e9 &amp; Coll\u00e8ge National des G\u00e9n\u00e9ralistes Enseignants. Berger-Levrault Ed. Paris 2010<\/li>\n\n\n\n<li>Compagnon L, Bail P, Huez J, Stalnikiewicz B, Ghasarossian C, Zerbib Y, Piriou C, Ferrat E, Chartier S, Le Breton J, Renard V, Attali C. D\u00e9finitions et descriptions des comp\u00e9tences en m\u00e9decine g\u00e9n\u00e9rale. exercer 2013;108:148-55.<\/li>\n\n\n\n<li>Attali C, Huez J, Valette T, Lehr A. Les grandes familles de situations cliniques. exercer 2013;108:165-9.<\/li>\n\n\n\n<li>Arr\u00eat\u00e9 du 12 avril 2017 portant organisation du troisi\u00e8me cycle des \u00e9tudes de m\u00e9decine.<\/li>\n\n\n\n<li>Arr\u00eat\u00e9 du 3 ao\u00fbt 2023 portant modification de la maquette de formation du dipl\u00f4me d&rsquo;\u00e9tudes sp\u00e9cialis\u00e9es de m\u00e9decine g\u00e9n\u00e9rale<\/li>\n<\/ol>\n\n\n\n<p><\/p>\n","protected":false},"excerpt":{"rendered":"<p>Quatri\u00e8me ann\u00e9e de DES de m\u00e9decine&nbsp;g\u00e9n\u00e9rale : ann\u00e9e de docteur junior Le DES de m\u00e9decine g\u00e9n\u00e9rale a pour objectif de former des professionnels de sant\u00e9 suffisamment comp\u00e9tents et autonomes pour r\u00e9pondre aux r\u00f4les et missions du m\u00e9decin de premier recours tels qu\u2019ils ont \u00e9t\u00e9 d\u00e9finis par la&nbsp;WONCA&nbsp;[1] et la loi&nbsp;HPST [2]. La formation initiale permet&hellip;&nbsp;<a href=\"https:\/\/cbnge.fr\/index.php\/docteur-junior\/\" rel=\"bookmark\">Lire la suite &raquo;<span class=\"screen-reader-text\">Stage des Docteurs Juniors<\/span><\/a><\/p>\n","protected":false},"author":1,"featured_media":0,"parent":0,"menu_order":0,"comment_status":"closed","ping_status":"closed","template":"","meta":{"neve_meta_sidebar":"","neve_meta_container":"","neve_meta_enable_content_width":"","neve_meta_content_width":0,"neve_meta_title_alignment":"","neve_meta_author_avatar":"","neve_post_elements_order":"","neve_meta_disable_header":"","neve_meta_disable_footer":"","neve_meta_disable_title":"","iawp_total_views":0,"footnotes":""},"class_list":["post-410","page","type-page","status-publish","hentry"],"_links":{"self":[{"href":"https:\/\/cbnge.fr\/index.php\/wp-json\/wp\/v2\/pages\/410","targetHints":{"allow":["GET"]}}],"collection":[{"href":"https:\/\/cbnge.fr\/index.php\/wp-json\/wp\/v2\/pages"}],"about":[{"href":"https:\/\/cbnge.fr\/index.php\/wp-json\/wp\/v2\/types\/page"}],"author":[{"embeddable":true,"href":"https:\/\/cbnge.fr\/index.php\/wp-json\/wp\/v2\/users\/1"}],"replies":[{"embeddable":true,"href":"https:\/\/cbnge.fr\/index.php\/wp-json\/wp\/v2\/comments?post=410"}],"version-history":[{"count":5,"href":"https:\/\/cbnge.fr\/index.php\/wp-json\/wp\/v2\/pages\/410\/revisions"}],"predecessor-version":[{"id":501,"href":"https:\/\/cbnge.fr\/index.php\/wp-json\/wp\/v2\/pages\/410\/revisions\/501"}],"wp:attachment":[{"href":"https:\/\/cbnge.fr\/index.php\/wp-json\/wp\/v2\/media?parent=410"}],"curies":[{"name":"wp","href":"https:\/\/api.w.org\/{rel}","templated":true}]}}