{"id":367,"date":"2024-02-28T12:13:40","date_gmt":"2024-02-28T11:13:40","guid":{"rendered":"https:\/\/cbnge.fr\/?page_id=367"},"modified":"2024-03-16T14:22:05","modified_gmt":"2024-03-16T13:22:05","slug":"maison-de-sante-pluriprofessionnelle-universitaire-mspu","status":"publish","type":"page","link":"https:\/\/cbnge.fr\/index.php\/maison-de-sante-pluriprofessionnelle-universitaire-mspu\/","title":{"rendered":"Maison de sant\u00e9 pluriprofessionnelle universitaire (MSPU)"},"content":{"rendered":"\n<p>En&nbsp;novembre 2023, le D\u00e9partement universitaire de m\u00e9decine g\u00e9n\u00e9rale (DUMG) a sign\u00e9 deux conventions concernant les maisons de sant\u00e9 pluriprofessionnelles universitaires (MSPU). Le r\u00f4le de ces MSPU d\u00e9partementales, est de mettre en place en plus du soin ; de l&rsquo;enseignement et de la recherche en soins premiers, et aussi de centraliser tous les acteurs de premier recours, volontaires pour participer \u00e0 la recherche en soins premiers, L&rsquo;objectif est d&rsquo;avoir une MSPU d\u00e9partementale dans le Calvados, la Manche et l&rsquo;Orne.<\/p>\n\n\n\n<p>Pour le Calvados, les p\u00f4les sant\u00e9 St-Laurent \u00e0 Caen et le p\u00f4le de sant\u00e9 de Deauville ont sign\u00e9 cette convention. Pour la Manche, l&rsquo;agr\u00e9ment \u00e0 \u00e9t\u00e9 sign\u00e9 pour le p\u00f4le de sant\u00e9 du port, \u00e0 Granville.<\/p>\n\n\n\n<p>A ce jour, les conditions ne sont pas r\u00e9unies pour l&rsquo;ouverture d&rsquo;une MSPU dans l&rsquo;Orne, ceci sera tr\u00e8s probablement possible en 2025.<\/p>\n\n\n\n<p><mark style=\"background-color:rgba(0, 0, 0, 0)\" class=\"has-inline-color has-neve-link-hover-color-color\"><strong><em><u>Quels sont les crit\u00e8res d&rsquo;une MSPU<\/u><\/em><\/strong> ?<\/mark><\/p>\n\n\n\n<p>Selon l&rsquo;arr\u00eat\u00e9 du&nbsp;18 octobre 2017, une structure d&rsquo;exercice doit r\u00e9pondre aux crit\u00e8res suivants&nbsp;pour \u00eatre \u00e9ligible \u00e0 la lab\u00e9lisation CSPU \u2013 MSPU :<\/p>\n\n\n\n<ol class=\"wp-block-list\">\n<li><strong>Pr\u00e9sence de m\u00e9decins g\u00e9n\u00e9ralistes (MG) agr\u00e9\u00e9s en qualit\u00e9 de ma\u00eetres de stage des universit\u00e9s (MSU) pour l&rsquo;accueil des \u00e9tudiants de troisi\u00e8me cycle des \u00e9tudes de m\u00e9decine g\u00e9n\u00e9rale qui doivent constituer la majorit\u00e9 des praticiens en exercice, dans les conditions pr\u00e9vues par l&rsquo;arr\u00eat\u00e9 du&nbsp;12 avril 2017&nbsp;avec<\/strong>&nbsp;:<\/li>\n<\/ol>\n\n\n\n<ul class=\"wp-block-list\">\n<li>Accueil d&rsquo;au moins un \u00e9tudiant de deuxi\u00e8me cycle en m\u00e9decine, de fa\u00e7on r\u00e9guli\u00e8re&nbsp;;<\/li>\n\n\n\n<li>Accueil d&rsquo;au moins deux \u00e9tudiants de troisi\u00e8me cycle en stage de m\u00e9decine g\u00e9n\u00e9rale de fa\u00e7on r\u00e9guli\u00e8re&nbsp;;<\/li>\n\n\n\n<li>Accueil effectif ou envisag\u00e9 d&rsquo;autres professionnels de sant\u00e9 (PDS) en formation<\/li>\n<\/ul>\n\n\n\n<p>2.<strong> R\u00e9alisation de recherches en soins primaires selon les bonnes pratiques de recherche clinique<\/strong>&nbsp;:<\/p>\n\n\n\n<ul class=\"wp-block-list\">\n<li>Incitation \u00e0 l&rsquo;adh\u00e9sion des MGs \u00e0 un r\u00e9seau national universitaire d&rsquo;investigateurs en soins primaires lorsqu&rsquo;un tel r\u00e9seau existe&nbsp;;<\/li>\n\n\n\n<li>Engagement des PDSs de la structure, quand les moyens mis \u00e0 leur disposition le permettent, dans la mise en \u0153uvre d&rsquo;un recueil structur\u00e9 d&rsquo;informations m\u00e9dicales permettant une extraction automatique et l&rsquo;analyse des donn\u00e9es produites&nbsp;;<\/li>\n\n\n\n<li>Formalisation d&rsquo;un programme de participation \u00e0 des travaux de recherche li\u00e9s \u00e0 l&rsquo;activit\u00e9 de la structure&nbsp;;<\/li>\n\n\n\n<li>Participation des PDSs de la structure \u00e0 des revues bibliographiques et \u00e0 des analyses d&rsquo;articles.<\/li>\n<\/ul>\n\n\n\n<p>3. <strong>Lieu d&rsquo;exercice lib\u00e9ral, attest\u00e9 par la Caisse primaire d&rsquo;assurance maladie (CPAM) du d\u00e9partement, ou salari\u00e9, attest\u00e9 par le contrat de travail, au sein de la structure r\u00e9unissant, au moins<\/strong> :<\/p>\n\n\n\n<ul class=\"wp-block-list\">\n<li>un enseignant titulaire universitaire de m\u00e9decine g\u00e9n\u00e9rale, ou un enseignant associ\u00e9 universitaire de m\u00e9decine g\u00e9n\u00e9rale qui exerce son activit\u00e9 de soins dans la structure ;<\/li>\n\n\n\n<li>et un chef de clinique de m\u00e9decine g\u00e9n\u00e9rale (CCUMG) ou un ancien chef de clinique de m\u00e9decine g\u00e9n\u00e9rale qui exerce son activit\u00e9 de soins dans la structure.<\/li>\n<\/ul>\n\n\n\n<p>Comme expliquer au-dessus, cette lab\u00e9lisation doit pouvoir profiter au plus grand nombre, qu&rsquo;il s&rsquo;agisse de confr\u00e8res isol\u00e9s dans leur mode d&rsquo;exercice, ou ceux install\u00e9s en maison ou p\u00f4le de sant\u00e9, mais sans structuration universitaire propre.&nbsp;C&rsquo;est pourquoi, une charte a \u00e9t\u00e9 r\u00e9dig\u00e9e avec l&rsquo;ARS de Normandie et l&rsquo;Universit\u00e9 Caen Normandie permettant \u00e0 chaque m\u00e9decin g\u00e9n\u00e9raliste de la subdivision d&rsquo;appartenir \u00e0 une MSPU.<\/p>\n\n\n\n<p>L&rsquo;objectif est ici de permettre un maillage de l&rsquo;ensemble du territoire de la subdivision concernant des investigateurs en recherche, et de donner ainsi \u00e0 chacun, l&rsquo;opportunit\u00e9 de s&rsquo;investir dans des protocoles de recherche. De plus, des s\u00e9ances de revue de la litt\u00e9rature vont \u00eatre mise en place en 2024 en associant les internes de m\u00e9decine g\u00e9n\u00e9rale qui pr\u00e9senteront soit un article majeur de la litt\u00e9rature scientifique r\u00e9cente, soit leur travail de th\u00e8se.<\/p>\n\n\n\n<p><strong><em><u><mark style=\"background-color:rgba(0, 0, 0, 0)\" class=\"has-inline-color has-neve-link-hover-color-color\">Quels sont les points importants de la charte MSPU adoss\u00e9e \u00e0 la convention permettant au plus grand nombre d&rsquo;avoir le label MSPU ?<\/mark><\/u><\/em><\/strong><\/p>\n\n\n\n<p>Pour chaque structure composant la MSPU d\u00e9partementale, l&rsquo;obtention du label passe par la signature d&rsquo;une charte multipartite entre la structure de soins concern\u00e9e, la MSPU d\u00e9partementale, l&rsquo;UFR Sant\u00e9 de Caen et l&rsquo;Agence r\u00e9gionale de sant\u00e9 de Normandie. Ce label est attribu\u00e9 pour 2 ans \u00e0 chaque structure composant la MSPU sur pr\u00e9sentation pour chacune d&rsquo;elle d&rsquo;un rapport d&rsquo;activit\u00e9. La MSPU d\u00e9partementale, quant \u00e0 elle contractualise avec l&rsquo;ARS et l&rsquo;Universit\u00e9 pour une dur\u00e9e de 5 ans.<\/p>\n\n\n\n<p><strong><em><u>Il est attendu que chaque ann\u00e9e, chaque composante des MSPU :<\/u><\/em><\/strong><\/p>\n\n\n\n<ul class=\"wp-block-list\">\n<li>Accueille au moins un \u00e9tudiant de second et de troisi\u00e8me cycle de m\u00e9decine g\u00e9n\u00e9rale de mani\u00e8re p\u00e9renne ;&nbsp;<\/li>\n\n\n\n<li>Participe chaque ann\u00e9e \u00e0 au moins un protocole de recherche en tant qu&rsquo;investigateur et\/ou mettre \u00e0 disposition ses donn\u00e9es produites pour au moins un protocole de recherche de soins primaires.&nbsp;La proposition de projet de recherche de soins primaires est encourag\u00e9e.<\/li>\n<\/ul>\n\n\n\n<p>Chaque structure signant la charte pourra participer aux revues de litt\u00e9rature organis\u00e9es au niveau de la subdivision.<\/p>\n\n\n\n<p>Si vous souhaitez \u00eatre labelis\u00e9, merci de nous contacter par mail afin de rendre tout cela op\u00e9rationnel (<em><a href=\"mailto:noemei.jardin@unicaen.fr\">noemie.jardin@unicaen.fr<\/a><\/em>).<\/p>\n\n\n\n<ul class=\"wp-block-list\"><\/ul>\n","protected":false},"excerpt":{"rendered":"<p>En&nbsp;novembre 2023, le D\u00e9partement universitaire de m\u00e9decine g\u00e9n\u00e9rale (DUMG) a sign\u00e9 deux conventions concernant les maisons de sant\u00e9 pluriprofessionnelles universitaires (MSPU). Le r\u00f4le de ces MSPU d\u00e9partementales, est de mettre en place en plus du soin ; de l&rsquo;enseignement et de la recherche en soins premiers, et aussi de centraliser tous les acteurs de premier&hellip;&nbsp;<a href=\"https:\/\/cbnge.fr\/index.php\/maison-de-sante-pluriprofessionnelle-universitaire-mspu\/\" rel=\"bookmark\">Lire la suite &raquo;<span class=\"screen-reader-text\">Maison de sant\u00e9 pluriprofessionnelle universitaire (MSPU)<\/span><\/a><\/p>\n","protected":false},"author":1,"featured_media":0,"parent":0,"menu_order":0,"comment_status":"closed","ping_status":"closed","template":"","meta":{"neve_meta_sidebar":"default","neve_meta_container":"","neve_meta_enable_content_width":"","neve_meta_content_width":0,"neve_meta_title_alignment":"","neve_meta_author_avatar":"","neve_post_elements_order":"","neve_meta_disable_header":"","neve_meta_disable_footer":"","neve_meta_disable_title":"","footnotes":""},"class_list":["post-367","page","type-page","status-publish","hentry"],"_links":{"self":[{"href":"https:\/\/cbnge.fr\/index.php\/wp-json\/wp\/v2\/pages\/367","targetHints":{"allow":["GET"]}}],"collection":[{"href":"https:\/\/cbnge.fr\/index.php\/wp-json\/wp\/v2\/pages"}],"about":[{"href":"https:\/\/cbnge.fr\/index.php\/wp-json\/wp\/v2\/types\/page"}],"author":[{"embeddable":true,"href":"https:\/\/cbnge.fr\/index.php\/wp-json\/wp\/v2\/users\/1"}],"replies":[{"embeddable":true,"href":"https:\/\/cbnge.fr\/index.php\/wp-json\/wp\/v2\/comments?post=367"}],"version-history":[{"count":5,"href":"https:\/\/cbnge.fr\/index.php\/wp-json\/wp\/v2\/pages\/367\/revisions"}],"predecessor-version":[{"id":380,"href":"https:\/\/cbnge.fr\/index.php\/wp-json\/wp\/v2\/pages\/367\/revisions\/380"}],"wp:attachment":[{"href":"https:\/\/cbnge.fr\/index.php\/wp-json\/wp\/v2\/media?parent=367"}],"curies":[{"name":"wp","href":"https:\/\/api.w.org\/{rel}","templated":true}]}}